{"id":47,"date":"2019-02-10T11:00:56","date_gmt":"2019-02-10T09:00:56","guid":{"rendered":"http:\/\/de.business2code.com\/?page_id=47"},"modified":"2021-04-15T09:47:19","modified_gmt":"2021-04-15T07:47:19","slug":"datenschutzerklaerung","status":"publish","type":"page","link":"http:\/\/de.business2code.com\/?page_id=47","title":{"rendered":"Datenschutzerkl\u00e4rung"},"content":{"rendered":"<p><span style=\"color: #000000; font-family: Times New Roman; font-size: medium;\">DATENSCHUTZERKL\u00c4RUNG<\/span><\/p>\n<p><span style=\"color: #000000; font-family: Times New Roman; font-size: medium;\">\u00a7 1 Allgemeines<\/span><\/p>\n<p><span style=\"color: #000000; font-family: Times New Roman; font-size: medium;\">Ihre personenbezogenen Daten (z.B. Anrede, Name, Anschrift, E-Mail-Adresse, Telefonnummer) werden von uns nur gem\u00e4\u00df den Bestimmungen des deutschen Datenschutzrechts und des Datenschutzrechts der Europ\u00e4ischen Union (EU) verarbeitet. Die nachfolgenden Vorschriften informieren Sie neben den Verarbeitungszwecken, Rechtsgrundlagen, Empf\u00e4ngern, Speicherfristen auch \u00fcber Ihre Rechte und den Verantwortlichen f\u00fcr Ihre Datenverarbeitung. Diese Datenschutzerkl\u00e4rung bezieht sich nur auf unsere Websites. Falls Sie \u00fcber Links auf unseren Seiten auf andere Seiten weitergeleitet werden, informieren Sie sich bitte dort \u00fcber den jeweiligen Umgang mit Ihren Daten.<\/span><\/p>\n<p><span style=\"color: #000000; font-family: Times New Roman; font-size: medium;\">\u00a7 2 Social Plugins von Facebook und Twitter<\/span><\/p>\n<p><span style=\"color: #000000; font-family: Times New Roman; font-size: medium;\">(1) Wir verwenden Social Plugins von facebook.com, betrieben durch Facebook Inc., 1601 S. California Ave, Palo Alto, CA 94304, USA. Die Plugins sind an dem Facebook Logo oder dem Zusatz &#8222;Facebook Social Plugin&#8220; zu erkennen. Wenn Sie z.B. den &#8222;Gef\u00e4llt mir&#8220; Button anklicken oder einen Kommentar abgeben, wird die entsprechende Information von Ihrem Browser direkt an Facebook \u00fcbermittelt und dort gespeichert. Weiterhin macht Facebook Ihre Vorlieben f\u00fcr Ihre Facebook-Freunde \u00f6ffentlich. Sind Sie bei Facebook eingeloggt, kann Facebook den Aufruf unserer Seite Ihrem Facebook-Konto direkt zuordnen. Auch wenn Sie nicht eingeloggt sind oder gar kein Facebook-Konto besitzen, \u00fcbermittelt Ihr Browser Informationen (z.B. welche Website Sie aufgerufen haben, Ihre IP-Adresse), die von Facebook gespeichert werden. Details zum Umgang mit Ihren pers\u00f6nlichen Daten durch Facebook sowie Ihren diesbez\u00fcglichen Rechten entnehmen Sie bitte den Datenschutzhinweisen von Facebook. Wenn Sie nicht m\u00f6chten, dass Facebook die \u00fcber unsere Websites \u00fcber Sie gesammelten Daten Ihrem Facebook-Konto zuordnet, m\u00fcssen Sie sich vor Ihrem Besuch unserer Websites bei Facebook ausloggen. Sie k\u00f6nnen das Laden der Facebook Plugins auch mit Add-Ons f\u00fcr Ihren Browser komplett verhindern, z.B. mit dem &#8222;Facebook Blocker&#8220; (Facebook).<\/span><\/p>\n<p><span style=\"color: #000000; font-family: Times New Roman; font-size: medium;\">(2) Wir verwenden mit Twitter und den Re-Tweet-Funktionen sog. &#8222;Social Plugins&#8220; von twitter.com, betrieben durch die Twitter Inc. 795 Folsom St., Suite 600, San Francisco, CA 94107, USA. Die Plugins sind mit einem Twitter-Logo wie z.B. dem blauen &#8222;Twitter-Vogel&#8220; gekennzeichnet. Wenn Sie die Re-Tweet Funktionen nutzen, werden die von Ihnen besuchten Websites Dritten bekanntgegeben und mit Ihrem Twitter-Account verbunden. Details zum Umgang mit Ihren Daten durch Twitter sowie zu Ihren Rechten und Einstellungsm\u00f6glichkeiten zum Schutz Ihrer pers\u00f6nlichen Daten k\u00f6nnen Sie den Datenschutzhinweisen von Twitter entnehmen. Wenn Sie nicht m\u00f6chten, dass Twitter die \u00fcber unseren Webauftritt gesammelten Daten unmittelbar Ihrem Twitter-Account zuordnet, m\u00fcssen Sie sich vor Ihrem Besuch unserer Website bei Twitter ausloggen. Sie k\u00f6nnen das Laden der Twitter Plugins auch mit Add-Ons f\u00fcr Ihren Browser komplett verhindern, z.B. mit dem Skript-Blocker (NoScript).<\/span><\/p>\n<p><span style=\"color: #000000; font-family: Times New Roman; font-size: medium;\">\u00a7 3 Rechte der betroffenen Person<\/span><\/p>\n<p><span style=\"color: #000000; font-family: Times New Roman; font-size: medium;\">Werden personenbezogene Daten von Ihnen verarbeitet, sind Sie Betroffener i.S.d. DSGVO und es stehen Ihnen folgende Rechte uns gegen\u00fcber zu:<\/span><\/p>\n<p><span style=\"color: #000000; font-family: Times New Roman; font-size: medium;\">1. Auskunftsrecht<\/span><\/p>\n<p><span style=\"color: #000000; font-family: Times New Roman; font-size: medium;\">Sie k\u00f6nnen von uns eine Best\u00e4tigung dar\u00fcber verlangen, ob personenbezogene Daten, die Sie betreffen, von uns verarbeitet werden.<br \/>\nLiegt eine solche Verarbeitung vor, k\u00f6nnen Sie von uns \u00fcber folgende Informationen Auskunft verlangen:<br \/>\n(1) die Zwecke, zu denen die personenbezogenen Daten verarbeitet werden;<br \/>\n(2) die Kategorien von personenbezogenen Daten, welche verarbeitet werden;<br \/>\n(3) die Empf\u00e4nger bzw. die Kategorien von Empf\u00e4ngern, gegen\u00fcber denen die Sie betreffenden personenbezogenen Daten offengelegt wurden oder noch offengelegt werden;<br \/>\n(4) die geplante Dauer der Speicherung der Sie betreffenden personenbezogenen Daten oder, falls konkrete Angaben hierzu nicht m\u00f6glich sind, Kriterien f\u00fcr die Festlegung der Speicherdauer;<br \/>\n(5) das Bestehen eines Rechts auf Berichtigung oder L\u00f6schung der Sie betreffenden personenbezogenen Daten, eines Rechts auf Einschr\u00e4nkung der Verarbeitung durch uns oder eines Widerspruchsrechts gegen diese Verarbeitung;<br \/>\n(6) das Bestehen eines Beschwerderechts bei einer Aufsichtsbeh\u00f6rde;<br \/>\n(7) alle verf\u00fcgbaren Informationen \u00fcber die Herkunft der Daten, wenn die personenbezogenen Daten nicht bei der betroffenen Person erhoben werden;<br \/>\n(8) das Bestehen einer automatisierten Entscheidungsfindung einschlie\u00dflich Profiling gem\u00e4\u00df Art. 22 Abs. 1 und 4 DSGVO und \u2013 zumindest in diesen F\u00e4llen \u2013 aussagekr\u00e4ftige Informationen \u00fcber die involvierte Logik sowie die Tragweite und die angestrebten Auswirkungen einer derartigen Verarbeitung f\u00fcr die betroffene Person.<br \/>\nIhnen steht das Recht zu, Auskunft dar\u00fcber zu verlangen, ob die Sie betreffenden personenbezogenen Daten in ein Drittland oder an eine internationale Organisation \u00fcbermittelt werden. In diesem Zusammenhang k\u00f6nnen Sie verlangen, \u00fcber die geeigneten Garantien gem. Art. 46 DSGVO im Zusammenhang mit der \u00dcbermittlung unterrichtet zu werden.<\/span><\/p>\n<p><span style=\"color: #000000; font-family: Times New Roman; font-size: medium;\">2. Recht auf Berichtigung<\/span><\/p>\n<p><span style=\"color: #000000; font-family: Times New Roman; font-size: medium;\">Sie haben ein Recht auf Berichtigung und\/oder Vervollst\u00e4ndigung uns gegen\u00fcber, sofern die verarbeiteten personenbezogenen Daten, die Sie betreffen, unrichtig oder unvollst\u00e4ndig sind. Wir m\u00fcssen die Berichtigung unverz\u00fcglich vornehmen.<\/span><\/p>\n<p><span style=\"color: #000000; font-family: Times New Roman; font-size: medium;\">3. Recht auf Einschr\u00e4nkung der Verarbeitung<\/span><\/p>\n<p><span style=\"color: #000000; font-family: Times New Roman; font-size: medium;\">Unter den folgenden Voraussetzungen k\u00f6nnen Sie die Einschr\u00e4nkung der Verarbeitung der Sie betreffenden personenbezogenen Daten verlangen:<br \/>\n(1) wenn Sie die Richtigkeit der Sie betreffenden personenbezogenen Daten f\u00fcr eine Dauer bestreiten, die es uns erm\u00f6glicht, die Richtigkeit der personenbezogenen Daten zu \u00fcberpr\u00fcfen;<br \/>\n(2) wenn die Verarbeitung unrechtm\u00e4\u00dfig ist und Sie die L\u00f6schung der personenbezogenen Daten ablehnen und stattdessen die Einschr\u00e4nkung der Nutzung der personenbezogenen Daten verlangen;<br \/>\n(3) wenn wir die personenbezogenen Daten f\u00fcr die Zwecke der Verarbeitung nicht l\u00e4nger ben\u00f6tigen, Sie diese jedoch zur Geltendmachung, Aus\u00fcbung oder Verteidigung von Rechtsanspr\u00fcchen ben\u00f6tigen, oder<br \/>\n(4) wenn Sie Widerspruch gegen die Verarbeitung gem\u00e4\u00df Art. 21 Abs. 1 DSGVO eingelegt haben und noch nicht feststeht, ob die uns zustehenden berechtigten Gr\u00fcnde gegen\u00fcber Ihren Gr\u00fcnden \u00fcberwiegen.<br \/>\nWurde die Verarbeitung der Sie betreffenden personenbezogenen Daten eingeschr\u00e4nkt, d\u00fcrfen diese Daten \u2013 von ihrer Speicherung abgesehen \u2013 nur mit Ihrer Einwilligung oder zur Geltendmachung, Aus\u00fcbung oder Verteidigung von Rechtsanspr\u00fcchen oder zum Schutz der Rechte einer anderen nat\u00fcrlichen oder juristischen Person oder aus Gr\u00fcnden eines wichtigen \u00f6ffentlichen Interesses der Union oder eines Mitgliedstaats verarbeitet werden.<br \/>\nWurde die Einschr\u00e4nkung der Verarbeitung nach den oben genannten Voraussetzungen eingeschr\u00e4nkt, werden Sie von uns unterrichtet bevor die Einschr\u00e4nkung aufgehoben wird.<\/span><\/p>\n<p><span style=\"color: #000000; font-family: Times New Roman; font-size: medium;\">4. Recht auf L\u00f6schung<\/span><\/p>\n<p><span style=\"color: #000000; font-family: Times New Roman; font-size: medium;\">a) L\u00f6schungspflicht<br \/>\nSie k\u00f6nnen von uns verlangen, dass die Sie betreffenden personenbezogenen Daten unverz\u00fcglich gel\u00f6scht werden, und wir sind verpflichtet, diese Daten unverz\u00fcglich zu l\u00f6schen, sofern einer der folgenden Gr\u00fcnde zutrifft:<br \/>\n(1) Die Sie betreffenden personenbezogenen Daten sind f\u00fcr die Zwecke, f\u00fcr die sie erhoben oder auf sonstige Weise verarbeitet wurden, nicht mehr notwendig.<br \/>\n(2) Sie widerrufen Ihre Einwilligung, auf die sich die Verarbeitung gem. Art. 6 Abs. 1 lit. a oder Art. 9 Abs. 2 lit. a DSGVO st\u00fctzte, und es fehlt an einer anderweitigen Rechtsgrundlage f\u00fcr die Verarbeitung.<br \/>\n(3) Sie legen gem. Art. 21 Abs. 1 DSGVO Widerspruch gegen die Verarbeitung ein und es liegen keine vorrangigen berechtigten Gr\u00fcnde f\u00fcr die Verarbeitung vor, oder Sie legen gem. Art. 21 Abs. 2 DSGVO Widerspruch gegen die Verarbeitung ein.<br \/>\n(4) Die Sie betreffenden personenbezogenen Daten wurden unrechtm\u00e4\u00dfig verarbeitet.<br \/>\n(5) Die L\u00f6schung der Sie betreffenden personenbezogenen Daten ist zur Erf\u00fcllung einer rechtlichen Verpflichtung nach dem Unionsrecht oder dem Recht der Mitgliedstaaten erforderlich, dem wir unterliegen.<br \/>\n(6) Die Sie betreffenden personenbezogenen Daten wurden in Bezug auf angebotene Dienste der Informationsgesellschaft gem\u00e4\u00df Art. 8 Abs. 1 DSGVO erhoben.<\/span><\/p>\n<p><span style=\"color: #000000; font-family: Times New Roman; font-size: medium;\">b) Information an Dritte<br \/>\nHaben wir die Sie betreffenden personenbezogenen Daten \u00f6ffentlich gemacht und sind wir gem. Art. 17 Abs. 1 DSGVO zu deren L\u00f6schung verpflichtet, so treffen wir unter Ber\u00fccksichtigung der verf\u00fcgbaren Technologie und der Implementierungskosten angemessene Ma\u00dfnahmen, auch technischer Art, um die f\u00fcr die Datenverarbeitung Verantwortlichen, die die personenbezogenen Daten verarbeiten, dar\u00fcber zu informieren, dass Sie als betroffene Person von ihnen die L\u00f6schung aller Links zu diesen personenbezogenen Daten oder von Kopien oder Replikationen dieser personenbezogenen Daten verlangt haben.<\/span><\/p>\n<p><span style=\"color: #000000; font-family: Times New Roman; font-size: medium;\">c) Ausnahmen<br \/>\nDas Recht auf L\u00f6schung besteht nicht, soweit die Verarbeitung erforderlich ist<br \/>\n(1) zur Aus\u00fcbung des Rechts auf freie Meinungs\u00e4u\u00dferung und Information;<br \/>\n(2) zur Erf\u00fcllung einer rechtlichen Verpflichtung, die die Verarbeitung nach dem Recht der Union oder der Mitgliedstaaten, dem wir unterliegen, erfordert, oder zur Wahrnehmung einer Aufgabe, die im \u00f6ffentlichen Interesse liegt oder in Aus\u00fcbung \u00f6ffentlicher Gewalt erfolgt, die uns \u00fcbertragen wurde;<br \/>\n(3) aus Gr\u00fcnden des \u00f6ffentlichen Interesses im Bereich der \u00f6ffentlichen Gesundheit gem\u00e4\u00df Art. 9 Abs. 2 lit. h und i sowie Art. 9 Abs. 3 DSGVO;<br \/>\n(4) f\u00fcr im \u00f6ffentlichen Interesse liegende Archivzwecke, wissenschaftliche oder historische Forschungszwecke oder f\u00fcr statistische Zwecke gem. Art. 89 Abs. 1 DSGVO, soweit das unter Abschnitt a) genannte Recht voraussichtlich die Verwirklichung der Ziele dieser Verarbeitung unm\u00f6glich macht oder ernsthaft beeintr\u00e4chtigt, oder<br \/>\n(5) zur Geltendmachung, Aus\u00fcbung oder Verteidigung von Rechtsanspr\u00fcchen.<\/span><\/p>\n<p><span style=\"color: #000000; font-family: Times New Roman; font-size: medium;\">5. Recht auf Unterrichtung<\/span><\/p>\n<p><span style=\"color: #000000; font-family: Times New Roman; font-size: medium;\">Haben Sie das Recht auf Berichtigung, L\u00f6schung oder Einschr\u00e4nkung der Verarbeitung uns gegen\u00fcber geltend gemacht, sind wir verpflichtet, allen Empf\u00e4ngern, denen die Sie betreffenden personenbezogenen Daten offengelegt wurden, diese Berichtigung oder L\u00f6schung der Daten oder Einschr\u00e4nkung der Verarbeitung mitzuteilen, es sei denn, dies erweist sich als unm\u00f6glich oder ist mit einem unverh\u00e4ltnism\u00e4\u00dfigen Aufwand verbunden.<br \/>\nIhnen steht uns gegen\u00fcber das Recht zu, \u00fcber diese Empf\u00e4nger unterrichtet zu werden.<\/span><\/p>\n<p><span style=\"color: #000000; font-family: Times New Roman; font-size: medium;\">6. Recht auf Daten\u00fcbertragbarkeit<\/span><\/p>\n<p><span style=\"color: #000000; font-family: Times New Roman; font-size: medium;\">Sie haben das Recht, die Sie betreffenden personenbezogenen Daten, die Sie uns bereitgestellt haben, in einem strukturierten, g\u00e4ngigen und maschinenlesbaren Format zu erhalten. Au\u00dferdem haben Sie das Recht diese Daten einem anderen Verantwortlichen ohne Behinderung zu \u00fcbermitteln, sofern<br \/>\n(1) die Verarbeitung auf einer Einwilligung gem. Art. 6 Abs. 1 lit. a DSGVO oder Art. 9 Abs. 2 lit. a DSGVO oder auf einem Vertrag gem. Art. 6 Abs. 1 lit. b DSGVO beruht und<br \/>\n(2) die Verarbeitung mithilfe automatisierter Verfahren erfolgt.<br \/>\nIn Aus\u00fcbung dieses Rechts haben Sie ferner das Recht, zu erwirken, dass die Sie betreffenden personenbezogenen Daten direkt von uns einem anderen Verantwortlichen \u00fcbermittelt werden, soweit dies technisch machbar ist. Freiheiten und Rechte anderer Personen d\u00fcrfen hierdurch nicht beeintr\u00e4chtigt werden.<br \/>\nDas Recht auf Daten\u00fcbertragbarkeit gilt nicht f\u00fcr eine Verarbeitung personenbezogener Daten, die f\u00fcr die Wahrnehmung einer Aufgabe erforderlich ist, die im \u00f6ffentlichen Interesse liegt oder in Aus\u00fcbung \u00f6ffentlicher Gewalt erfolgt, die uns \u00fcbertragen wurde.<\/span><\/p>\n<p><span style=\"color: #000000; font-family: Times New Roman; font-size: medium;\">7. Widerspruchsrecht<\/span><\/p>\n<p><span style=\"color: #000000; font-family: Times New Roman; font-size: medium;\">Sie haben das Recht, aus Gr\u00fcnden, die sich aus Ihrer besonderen Situation ergeben, jederzeit gegen die Verarbeitung der Sie betreffenden personenbezogenen Daten, die aufgrund von Art. 6 Abs. 1 lit. e oder f DSGVO erfolgt, Widerspruch einzulegen; dies gilt auch f\u00fcr ein auf diese Bestimmungen gest\u00fctztes Profiling.<br \/>\nWir verarbeiten die Sie betreffenden personenbezogenen Daten dann nicht mehr, es sei denn, wir k\u00f6nnen zwingende schutzw\u00fcrdige Gr\u00fcnde f\u00fcr die Verarbeitung nachweisen, die Ihre Interessen, Rechte und Freiheiten \u00fcberwiegen, oder die Verarbeitung dient der Geltendmachung, Aus\u00fcbung oder Verteidigung von Rechtsanspr\u00fcchen.<br \/>\nWerden die Sie betreffenden personenbezogenen Daten verarbeitet, um Direktwerbung zu betreiben, haben Sie das Recht, jederzeit Widerspruch gegen die Verarbeitung der Sie betreffenden personenbezogenen Daten zum Zwecke derartiger Werbung einzulegen; dies gilt auch f\u00fcr das Profiling, soweit es mit solcher Direktwerbung in Verbindung steht.<br \/>\nWidersprechen Sie der Verarbeitung f\u00fcr Zwecke der Direktwerbung, so werden die Sie betreffenden personenbezogenen Daten nicht mehr f\u00fcr diese Zwecke verarbeitet.<br \/>\nSie haben die M\u00f6glichkeit, im Zusammenhang mit der Nutzung von Diensten der Informationsgesellschaft \u2013 ungeachtet der Richtlinie 2002\/58\/EG \u2013 Ihr Widerspruchsrecht mittels automatisierter Verfahren auszu\u00fcben, bei denen technische Spezifikationen verwendet werden.<\/span><\/p>\n<p><span style=\"color: #000000; font-family: Times New Roman; font-size: medium;\">8. Recht auf Widerruf der datenschutzrechtlichen Einwilligungserkl\u00e4rung<\/span><\/p>\n<p><span style=\"color: #000000; font-family: Times New Roman; font-size: medium;\">Sie haben das Recht, Ihre datenschutzrechtliche Einwilligungserkl\u00e4rung jederzeit zu widerrufen. Durch den Widerruf der Einwilligung wird die Rechtm\u00e4\u00dfigkeit der aufgrund der Einwilligung bis zum Widerruf erfolgten Verarbeitung nicht ber\u00fchrt.<\/span><\/p>\n<p><span style=\"color: #000000; font-family: Times New Roman; font-size: medium;\">9. Automatisierte Entscheidung im Einzelfall einschlie\u00dflich Profiling<\/span><\/p>\n<p><span style=\"color: #000000; font-family: Times New Roman; font-size: medium;\">Sie haben das Recht, nicht einer ausschlie\u00dflich auf einer automatisierten Verarbeitung \u2013 einschlie\u00dflich Profiling \u2013 beruhenden Entscheidung unterworfen zu werden, die Ihnen gegen\u00fcber rechtliche Wirkung entfaltet oder Sie in \u00e4hnlicher Weise erheblich beeintr\u00e4chtigt. Dies gilt nicht, wenn die Entscheidung<br \/>\n(1) f\u00fcr den Abschluss oder die Erf\u00fcllung eines Vertrags zwischen Ihnen und uns erforderlich ist,<br \/>\n(2) aufgrund von Rechtsvorschriften der Union oder der Mitgliedstaaten, denen wir unterliegen, zul\u00e4ssig ist und diese Rechtsvorschriften angemessene Ma\u00dfnahmen zur Wahrung Ihrer Rechte und Freiheiten sowie Ihrer berechtigten Interessen enthalten oder<br \/>\n(3) mit Ihrer ausdr\u00fccklichen Einwilligung erfolgt.<br \/>\nAllerdings d\u00fcrfen diese Entscheidungen nicht auf besonderen Kategorien personenbezogener Daten nach Art. 9 Abs. 1 DSGVO beruhen, sofern nicht Art. 9 Abs. 2 lit. a oder g gilt und angemessene Ma\u00dfnahmen zum Schutz der Rechte und Freiheiten sowie Ihrer berechtigten Interessen getroffen wurden.<br \/>\nHinsichtlich der in (1) und (3) genannten F\u00e4lle treffen wir angemessene Ma\u00dfnahmen, um die Rechte und Freiheiten sowie Ihre berechtigten Interessen zu wahren.<\/span><\/p>\n<p><span style=\"color: #000000; font-family: Times New Roman; font-size: medium;\">10. Recht auf Beschwerde bei einer Aufsichtsbeh\u00f6rde<\/span><\/p>\n<p><span style=\"color: #000000; font-family: Times New Roman; font-size: medium;\">Unbeschadet eines anderweitigen verwaltungsrechtlichen oder gerichtlichen Rechtsbehelfs steht Ihnen das Recht auf Beschwerde bei einer Aufsichtsbeh\u00f6rde, insbesondere in dem Mitgliedstaat Ihres Aufenthaltsorts, Ihres Arbeitsplatzes oder des Orts des mutma\u00dflichen Versto\u00dfes, zu, wenn Sie der Ansicht sind, dass die Verarbeitung der Sie betreffenden personenbezogenen Daten gegen die DSGVO verst\u00f6\u00dft.<br \/>\nDie Aufsichtsbeh\u00f6rde, bei der die Beschwerde eingereicht wurde, unterrichtet den Beschwerdef\u00fchrer \u00fcber den Stand und die Ergebnisse der Beschwerde einschlie\u00dflich der M\u00f6glichkeit eines gerichtlichen Rechtsbehelfs nach Art. 78 DSGVO.<\/span><\/p>\n<p><span style=\"color: #000000; font-family: Times New Roman; font-size: medium;\">Verantwortlicher f\u00fcr die Datenverarbeitung:<\/span><\/p>\n<p>business2code GmbH<br \/>\nGartenstra\u00dfe 7<br \/>\n98617 Meiningen<br \/>\nTelefon: 03693 5485291<br \/>\nstrauss@business2code.com<\/p>\n","protected":false},"excerpt":{"rendered":"<p>DATENSCHUTZERKL\u00c4RUNG \u00a7 1 Allgemeines Ihre personenbezogenen Daten (z.B. Anrede, Name, Anschrift, E-Mail-Adresse, Telefonnummer) werden von uns nur gem\u00e4\u00df den Bestimmungen des deutschen Datenschutzrechts und des Datenschutzrechts<span class=\"excerpt-hellip\"> [\u2026]<\/span><\/p>\n","protected":false},"author":1,"featured_media":0,"parent":0,"menu_order":0,"comment_status":"closed","ping_status":"closed","template":"","meta":[],"_links":{"self":[{"href":"http:\/\/de.business2code.com\/index.php?rest_route=\/wp\/v2\/pages\/47"}],"collection":[{"href":"http:\/\/de.business2code.com\/index.php?rest_route=\/wp\/v2\/pages"}],"about":[{"href":"http:\/\/de.business2code.com\/index.php?rest_route=\/wp\/v2\/types\/page"}],"author":[{"embeddable":true,"href":"http:\/\/de.business2code.com\/index.php?rest_route=\/wp\/v2\/users\/1"}],"replies":[{"embeddable":true,"href":"http:\/\/de.business2code.com\/index.php?rest_route=%2Fwp%2Fv2%2Fcomments&post=47"}],"version-history":[{"count":5,"href":"http:\/\/de.business2code.com\/index.php?rest_route=\/wp\/v2\/pages\/47\/revisions"}],"predecessor-version":[{"id":87,"href":"http:\/\/de.business2code.com\/index.php?rest_route=\/wp\/v2\/pages\/47\/revisions\/87"}],"wp:attachment":[{"href":"http:\/\/de.business2code.com\/index.php?rest_route=%2Fwp%2Fv2%2Fmedia&parent=47"}],"curies":[{"name":"wp","href":"https:\/\/api.w.org\/{rel}","templated":true}]}}